{"id":133,"date":"2017-12-04T12:36:58","date_gmt":"2017-12-04T12:36:58","guid":{"rendered":"https:\/\/www.boeckli-buehler.ch\/team\/prof-peter-boeckli-5\/"},"modified":"2025-11-06T08:58:12","modified_gmt":"2025-11-06T08:58:12","slug":"daniel-haering","status":"publish","type":"page","link":"https:\/\/www.boeckli-buehler.ch\/de\/team\/daniel-haering\/","title":{"rendered":"DANIEL H\u00c4RING"},"content":{"rendered":"<div id='full_slider_1'  class='avia-fullwidth-slider main_color avia-shadow   avia-builder-el-0  el_before_av_two_third  avia-builder-el-first   container_wrap sidebar_right'  ><div  class='avia-slideshow av-3fyr1x-13da404d413be653049387c550b287b0 avia-slideshow-no scaling av_slideshow_full avia-slide-slider av-slideshow-ui av-control-default av-slideshow-manual av-loop-once av-loop-manual-endless av-default-height-applied   avia-slideshow-1' data-slideshow-options=\"{&quot;animation&quot;:&quot;slide&quot;,&quot;autoplay&quot;:false,&quot;loop_autoplay&quot;:&quot;once&quot;,&quot;interval&quot;:5,&quot;loop_manual&quot;:&quot;manual-endless&quot;,&quot;autoplay_stopper&quot;:false,&quot;noNavigation&quot;:false,&quot;bg_slider&quot;:false,&quot;keep_padding&quot;:false,&quot;hoverpause&quot;:false,&quot;show_slide_delay&quot;:0}\"  itemprop=\"image\" itemscope=\"itemscope\" itemtype=\"https:\/\/schema.org\/ImageObject\" ><ul class='avia-slideshow-inner ' style='padding-bottom: 20.3125%;'><li  class='avia-slideshow-slide av-3fyr1x-13da404d413be653049387c550b287b0__0  av-single-slide slide-1 slide-odd'><div data-rel='slideshow-1' class='avia-slide-wrap '   ><img decoding=\"async\" fetchpriority=\"high\" class=\"wp-image-601 avia-img-lazy-loading-not-601\"  src=\"https:\/\/www.boeckli-buehler.ch\/wp-content\/uploads\/2018\/02\/6013.jpg\" width=\"1280\" height=\"260\" title='' alt=''  itemprop=\"thumbnailUrl\" srcset=\"https:\/\/www.boeckli-buehler.ch\/wp-content\/uploads\/2018\/02\/6013.jpg 1280w, https:\/\/www.boeckli-buehler.ch\/wp-content\/uploads\/2018\/02\/6013-300x61.jpg 300w, https:\/\/www.boeckli-buehler.ch\/wp-content\/uploads\/2018\/02\/6013-768x156.jpg 768w, https:\/\/www.boeckli-buehler.ch\/wp-content\/uploads\/2018\/02\/6013-1030x209.jpg 1030w, https:\/\/www.boeckli-buehler.ch\/wp-content\/uploads\/2018\/02\/6013-705x143.jpg 705w, https:\/\/www.boeckli-buehler.ch\/wp-content\/uploads\/2018\/02\/6013-450x91.jpg 450w\" sizes=\"(max-width: 1280px) 100vw, 1280px\" \/><\/div><\/li><\/ul><\/div><\/div><div id='after_full_slider_1'  class='main_color av_default_container_wrap container_wrap sidebar_right'  ><div class='container av-section-cont-open' ><div class='template-page content  av-content-small alpha units'><div class='post-entry post-entry-type-page post-entry-133'><div class='entry-content-wrapper clearfix'>\n\n<style type=\"text\/css\" data-created_by=\"avia_inline_auto\" id=\"style-css-av-34cvud-6315fbc3d88fa0c38ac48ed23cbbc1de\">\n.flex_column.av-34cvud-6315fbc3d88fa0c38ac48ed23cbbc1de{\nborder-radius:0px 0px 0px 0px;\npadding:0px 0px 0px 0px;\n}\n<\/style>\n<div  class='flex_column av-34cvud-6315fbc3d88fa0c38ac48ed23cbbc1de av_two_third  avia-builder-el-1  el_after_av_slideshow_full  el_before_av_one_third  avia-builder-el-first  first flex_column_div av-zero-column-padding  '     ><p>\n<style type=\"text\/css\" data-created_by=\"avia_inline_auto\" id=\"style-css-av-834t9-81d78f9e8ea165ae4e458ea0955dc600\">\n#top .av-special-heading.av-834t9-81d78f9e8ea165ae4e458ea0955dc600{\npadding-bottom:10px;\n}\nbody .av-special-heading.av-834t9-81d78f9e8ea165ae4e458ea0955dc600 .av-special-heading-tag .heading-char{\nfont-size:25px;\n}\n.av-special-heading.av-834t9-81d78f9e8ea165ae4e458ea0955dc600 .av-subheading{\nfont-size:15px;\n}\n<\/style>\n<div  class='av-special-heading av-834t9-81d78f9e8ea165ae4e458ea0955dc600 av-special-heading-h1 blockquote modern-quote  avia-builder-el-2  el_before_av_textblock  avia-builder-el-first '><h1 class='av-special-heading-tag'  itemprop=\"headline\"  >DANIEL H\u00c4RING<\/h1><div class='av-subheading av-subheading_below'><p>Dr. iur., Advokat<\/p>\n<\/div><div class=\"special-heading-border\"><div class=\"special-heading-inner-border\"><\/div><\/div><\/div><br \/>\n<section  class='av_textblock_section av-2q3ykd-17b6e455d68aa7e8e6ebf8809c858de0 '   itemscope=\"itemscope\" itemtype=\"https:\/\/schema.org\/CreativeWork\" ><div class='avia_textblock'  itemprop=\"text\" ><p>Daniel H\u00e4ring ist im Jahr 1978 geboren und in der Region Basel aufgewachsen. Er hat 2003 an der Universit\u00e4t Basel das Rechtsstudium als Jahrgangsbester mit summa cum laude abgeschlossen. 2005 wurde er an der juristischen Fakult\u00e4t der Universit\u00e4t Basel, ebenfalls summa cum laude, zum Dr. iur. promoviert. 2006 erwarb er das basellandschaftliche Anwaltspatent.<\/p>\n<p>Daniel H\u00e4ring arbeitete als Assistent an der Universit\u00e4t Basel, als Gerichtsschreiber am Kantonsgericht Basel-Landschaft sowie in einer Anwaltskanzlei in Basel. Zudem war er viele Jahre Lehrbeauftragter an der Universit\u00e4t Basel. 2007 trat er als Advokat in die Kanzlei b\u00f6ckli b\u00fchler partner ein, seit 2012 ist er Partner.<\/p>\n<p>Daniel H\u00e4ring verf\u00fcgt \u00fcber breite Erfahrung und Fachkenntnisse. Seine T\u00e4tigkeitsschwerpunkte sind das Handels- und Gesellschaftsrecht (\u00abWirtschaftsrecht\u00bb). Er ber\u00e4t Unternehmen, Verwaltungsr\u00e4te und Gesch\u00e4ftsleitungen in s\u00e4mtlichen Rechtsbelangen (\u00absingle point of entry\u00bb). Zu seinen St\u00e4rken z\u00e4hlen zudem die Bereiche Compliance und Wirtschaftsstrafrecht, das Vertragsrecht, die Life Sciences, das Arbeitsrecht sowie Prozessf\u00fchrungen jeder Art. Er verf\u00fcgt \u00fcber grosse Erfahrung in komplexen nationalen und internationalen Fragestellungen und Streitigkeiten.<\/p>\n<p>Daniel H\u00e4ring ist neben seiner T\u00e4tigkeit als Rechtsanwalt nebenamtlicher Richter am Kantonsgericht Basel-Landschaft sowie Mitglied der Anwaltspr\u00fcfungskommission Basel-Landschaft. Zudem ist er Verwaltungsrat der folgenden Gesellschaften:<\/p>\n<ul>\n<li><a href=\"https:\/\/hidrostal.com\/management.php?Lang=de\" target=\"_blank\" rel=\"noopener\">Hidrostal-Gruppe<\/a><\/li>\n<li><a href=\"http:\/\/www.viollier.ch\/de\/haering-daniel\" target=\"_blank\" rel=\"noopener\">Viollier AG<\/a><\/li>\n<li><a href=\"http:\/\/www.spar.ch\/unternehmen\/ueber-uns\" target=\"_blank\" rel=\"noopener\">SPAR-Gruppe Schweiz<\/a><\/li>\n<\/ul>\n<p>Als Rechtsanwalt, Richter und Mitglied mehrerer Verwaltungsr\u00e4te verf\u00fcgt Daniel H\u00e4ring \u00fcber umfassende Erfahrung in strategischer Unternehmensf\u00fchrung und Corporate Governance. Dabei liegt sein Schwerpunkt auf der Verbindung juristischer Expertise mit unternehmerischer Verantwortung \u2013 insbesondere in den Bereichen Risikomanagement, Compliance und nachhaltiger Unternehmensentwicklung. Diese Kombination erm\u00f6glicht eine fundierte Beurteilung komplexer rechtlicher Fragestellungen und die Umsetzung praxisorientierter L\u00f6sungen im Verwaltungsratsumfeld.<\/p>\n<p>In seiner Freizeit widmet sich Daniel H\u00e4ring u.a. den Kampfk\u00fcnsten.<\/p>\n<\/div><\/section><br \/>\n\n<style type=\"text\/css\" data-created_by=\"avia_inline_auto\" id=\"style-css-av-2mb2bp-e4e42401310f433c796524d46af224ef\">\n#top .hr.hr-invisible.av-2mb2bp-e4e42401310f433c796524d46af224ef{\nheight:40px;\n}\n<\/style>\n<div  class='hr av-2mb2bp-e4e42401310f433c796524d46af224ef hr-invisible  avia-builder-el-4  el_after_av_textblock  el_before_av_textblock '><span class='hr-inner '><span class=\"hr-inner-style\"><\/span><\/span><\/div><br \/>\n<section  class='av_textblock_section av-2ctvx1-e07f0f0fe967137f4f77e40936eddaa0 '   itemscope=\"itemscope\" itemtype=\"https:\/\/schema.org\/CreativeWork\" ><div class='avia_textblock'  itemprop=\"text\" ><p><strong>T\u00e4tigkeitsbereiche:<\/strong><\/p>\n<p><a href=\"https:\/\/www.boeckli-buehler.ch\/services\/prozessfuehrung-und-schiedsgerichte\/\">Prozessf\u00fchrung und Schiedsgerichte<\/a><br \/>\n<a href=\"https:\/\/www.boeckli-buehler.ch\/services\/unternehmen-und-vertraege\/\">Unternehmen und Vertr\u00e4ge<\/a><br \/>\n<a href=\"https:\/\/www.boeckli-buehler.ch\/services\/wirtschaftsstrafrecht\/\">Wirtschaftsstrafrecht<\/a><br \/>\n<a href=\"https:\/\/www.boeckli-buehler.ch\/services\/arbeitsrecht\/\">Arbeitsrecht<\/a><br \/>\n<a href=\"https:\/\/www.boeckli-buehler.ch\/services\/gutachten\/\">Gutachten<\/a><br \/>\n<a href=\"https:\/\/www.boeckli-buehler.ch\/services\/vermoegensplanung-und-nachfolge\/\">Verm\u00f6gensplanung und -nachfolge<\/a><br \/>\n<a href=\"https:\/\/www.boeckli-buehler.ch\/services\/banken-und-finanzmarkt\/\">Banken und Finanzmarkt<\/a><br \/>\n<a href=\"https:\/\/www.boeckli-buehler.ch\/services\/familie-und-partnerschaft\/\">Familie und Partnerschaft <\/a><\/p>\n<\/div><\/section><\/p><\/div>\n<style type=\"text\/css\" data-created_by=\"avia_inline_auto\" id=\"style-css-av-2729dp-08938926e793ef4b85a829c23191245d\">\n.flex_column.av-2729dp-08938926e793ef4b85a829c23191245d{\nborder-radius:0px 0px 0px 0px;\npadding:0px 0px 0px 0px;\n}\n<\/style>\n<div  class='flex_column av-2729dp-08938926e793ef4b85a829c23191245d av_one_third  avia-builder-el-6  el_after_av_two_third  el_before_av_one_full  flex_column_div av-zero-column-padding  '     ><p>\n<style type=\"text\/css\" data-created_by=\"avia_inline_auto\" id=\"style-css-av-23xrzx-9e47d5e9d770a876b25409be80fd8f88\">\n.avia-image-container.av-23xrzx-9e47d5e9d770a876b25409be80fd8f88 img.avia_image{\nbox-shadow:none;\n}\n.avia-image-container.av-23xrzx-9e47d5e9d770a876b25409be80fd8f88 .av-image-caption-overlay-center{\ncolor:#ffffff;\n}\n<\/style>\n<div  class='avia-image-container av-23xrzx-9e47d5e9d770a876b25409be80fd8f88 av-styling- avia-align-right  avia-builder-el-7  el_before_av_hr  avia-builder-el-first '   itemprop=\"image\" itemscope=\"itemscope\" itemtype=\"https:\/\/schema.org\/ImageObject\" ><div class=\"avia-image-container-inner\"><div class=\"avia-image-overlay-wrap\"><img decoding=\"async\" fetchpriority=\"high\" class='wp-image-3218 avia-img-lazy-loading-not-3218 avia_image ' src=\"https:\/\/www.boeckli-buehler.ch\/wp-content\/uploads\/2021\/07\/DH_2021-quadratisch.jpg\" alt='' title='Advokatur B\u00f6ckli B\u00fchler und Partner'  height=\"513\" width=\"500\"  itemprop=\"thumbnailUrl\" srcset=\"https:\/\/www.boeckli-buehler.ch\/wp-content\/uploads\/2021\/07\/DH_2021-quadratisch.jpg 500w, https:\/\/www.boeckli-buehler.ch\/wp-content\/uploads\/2021\/07\/DH_2021-quadratisch-292x300.jpg 292w, https:\/\/www.boeckli-buehler.ch\/wp-content\/uploads\/2021\/07\/DH_2021-quadratisch-36x36.jpg 36w, https:\/\/www.boeckli-buehler.ch\/wp-content\/uploads\/2021\/07\/DH_2021-quadratisch-450x462.jpg 450w\" sizes=\"(max-width: 500px) 100vw, 500px\" \/><\/div><\/div><\/div><br \/>\n\n<style type=\"text\/css\" data-created_by=\"avia_inline_auto\" id=\"style-css-av-1wb4nh-071d4bf66ced962eff236c41720f3f76\">\n#top .hr.hr-invisible.av-1wb4nh-071d4bf66ced962eff236c41720f3f76{\nheight:20px;\n}\n<\/style>\n<div  class='hr av-1wb4nh-071d4bf66ced962eff236c41720f3f76 hr-invisible  avia-builder-el-8  el_after_av_image  el_before_av_textblock '><span class='hr-inner '><span class=\"hr-inner-style\"><\/span><\/span><\/div><br \/>\n<section  class='av_textblock_section av-1ohrsl-7a41a0cef936b1b38917170f84bf2f79 '   itemscope=\"itemscope\" itemtype=\"https:\/\/schema.org\/CreativeWork\" ><div class='avia_textblock'  itemprop=\"text\" ><p style=\"text-align: center;\"><em>\u00abEs gen\u00fcgt nicht, das Recht auf seiner Seite zu haben &#8211; man muss es auch durchzusetzen wissen. Gerne setze ich mich mit voller Kraft und Engagement f\u00fcr Ihre Anliegen ein.\u00bb<\/em><\/p>\n<\/div><\/section><br \/>\n<section  class='av_textblock_section av-1ibgph-3a9c9e8e69a58c3f08c1dfa914197c0c '   itemscope=\"itemscope\" itemtype=\"https:\/\/schema.org\/CreativeWork\" ><div class='avia_textblock'  itemprop=\"text\" ><p style=\"text-align: center;\"><a href=\"mailto:d.haering@boeckli-buehler.ch\">E-Mail<\/a>\u00a0|\u00a0<a href=\"https:\/\/www.boeckli-buehler.ch\/wp-content\/uploads\/2018\/02\/Daniel-H\u00e4ring.vcf\">vCard<\/a><\/p>\n<p style=\"text-align: center;\">Assistentin: Hana Meier<br \/>\n<a href=\"mailto:h.meier@boeckli-buehler.ch\">E-Mail<\/a><\/p>\n<\/div><\/section><\/p><\/div><\/p>\n\n<style type=\"text\/css\" data-created_by=\"avia_inline_auto\" id=\"style-css-av-1heb19-9bd99a13d2be7e7186f92e7d2f71f58a\">\n.flex_column.av-1heb19-9bd99a13d2be7e7186f92e7d2f71f58a{\nborder-radius:0px 0px 0px 0px;\npadding:0px 0px 0px 0px;\n}\n<\/style>\n<div  class='flex_column av-1heb19-9bd99a13d2be7e7186f92e7d2f71f58a av_one_full  avia-builder-el-11  el_after_av_one_third  avia-builder-el-last  first flex_column_div av-zero-column-padding  column-top-margin'     ><div  class='tabcontainer av-19a4il-05f97f00500d1dbcaa8a94caa6afee99 top_tab  avia-builder-el-12  avia-builder-el-no-sibling ' role='tablist'>\n<section class='av_tab_section av_tab_section av-10clo5-b319a49ce8fe32aeea928c51024f65e9'  itemscope=\"itemscope\" itemtype=\"https:\/\/schema.org\/CreativeWork\" ><div class='tab active_tab' role='tab' tabindex='0' data-fake-id='#tab-id-1' aria-controls='tab-id-1-content'  itemprop=\"headline\" >Monografien<\/div><div id='tab-id-1-content' class='tab_content active_tab_content' aria-hidden=\"false\"><div class='tab_inner_content invers-color'  itemprop=\"text\" ><div class=\"largebold\">\n<p>Unternehmensrisiko Pensionskasse. Verantwortlichkeit des Arbeitgeberunternehmens in Bezug auf \u00abseine\u00bb Vorsorgeeinrichtung, in: Druey\/Forstmoser (Hrsg.), Schriften zum Aktienrecht, Band 26, Z\u00fcrich 2013, Co-Autor mit Christoph B\u00fchler<\/p>\n<\/div>\n<div align=\"left\">\n<hr \/>\n<div class=\"large\">Die Mitt\u00e4terschaft beim Fahrl\u00e4ssigkeitsdelikt, Basler Studien zur Rechtswissenschaft, Reihe C, Strafrecht, Bd. 16, Diss. Basel 2005<\/div>\n<\/div>\n<\/div><\/div><\/section>\n<section class='av_tab_section av_tab_section av-36l3p-ad03768c71f301a22cdfa491afb8d3f7'  itemscope=\"itemscope\" itemtype=\"https:\/\/schema.org\/CreativeWork\" ><div class='tab' role='tab' tabindex='0' data-fake-id='#tab-id-2' aria-controls='tab-id-2-content'  itemprop=\"headline\" >Kommentierungen<\/div><div id='tab-id-2-content' class='tab_content' aria-hidden=\"true\"><div class='tab_inner_content invers-color'  itemprop=\"text\" ><div id=\"PrintPageDiv\">\n<div id=\"MasterPageDiv\">\n<div id=\"ElementID783Div\">\n<div>\n<div class=\"largebold\">Kommentierung von Art. 2 sowie Art. 88-98 Fusionsgesetz, in: H\u00fcrzeler\/Stauffer (Hrsg.), Basler Kommentar Berufliche Vorsorge, 1. Auflage Basel 2021, S. 2229-2324 (gemeinsam mit Mirjam Olah)<\/div>\n<div class=\"large\">\n<div class=\"large\">\n<div class=\"large\">\n<hr \/>\n<\/div>\n<p>Kommentierung von Art. 142-146 der Schweizerischen Strafprozessordnung (StPO), in: Niggli\/Heer\/Wipr\u00e4chtiger (Hrsg.), Basler Kommentar Schweizerische Strafprozessordnung und Jugendstrafprozessordnung, 3. Auflage Basel 2023, S. 1252-1320<\/p>\n<div class=\"large\">\n<hr \/>\n<\/div>\n<p>Kommentierung von Art. 128-130 ZGB, in: Handkommentar zum Schweizer Privatrecht, 4. Auflage, Z\u00fcrich\/Genf 2023, S. 508-519 ff.<\/p>\n<div class=\"large\">\n<hr \/>\n<\/div>\n<p>Kommentierung von Art. 128-130 ZGB, in: Handkommentar zum Schweizer Privatrecht, 3.\u00a0Auflage, Z\u00fcrich\/Basel\/Genf 2016, S. 450 ff. (gemeinsam mit Peter Liatowitsch)<\/p>\n<div class=\"large\">\n<hr \/>\n<\/div>\n<div class=\"large\">Kommentierung von Art. 142-146 der Schweizerischen Strafprozessordnung (StPO), in: Niggli\/Heer\/Wipr\u00e4chtiger (Hrsg.), Basler Kommentar Schweizerische Strafprozessordnung und Jugendstrafprozessordnung, 2. Auflage, Basel 2014; S. 1092-1159<\/div>\n<\/div>\n<div class=\"large\">\n<hr \/>\n<\/div>\n<div class=\"large\">Kommentierung von Art. 128-130 ZGB, in: Handkommentar zum Schweizer Privatrecht, 2. Auflage, Z\u00fcrich\/Basel\/Genf 2012, S. 426 ff. (gemeinsam mit Peter Liatowitsch)<\/div>\n<div class=\"large\">\n<hr \/>\n<\/div>\n<div class=\"large\">Kommentierung von Art. 142-146 der Schweizerischen Strafprozessordnung (StPO), in: Niggli\/Heer\/Wipr\u00e4chtiger (Hrsg.), Basler Kommentar Schweizerische Strafprozessordnung und Jugendstrafprozessordnung, Basel 2011<\/div>\n<div class=\"large\">\n<hr \/>\n<\/div>\n<div class=\"large\">Kommentierung von Art. 128-130 ZGB, in: Handkommentar zum Schweizer Privatrecht, Z\u00fcrich\/Basel\/Genf 2007, S. 182 ff. (gemeinsam mit Peter Liatowitsch)<\/div>\n<\/div>\n<\/div>\n<\/div>\n<\/div>\n<\/div>\n<\/div><\/div><\/section>\n<section class='av_tab_section av_tab_section av-8vkqd-198de4f591a0f42eeb35cce5a7f0007c'  itemscope=\"itemscope\" itemtype=\"https:\/\/schema.org\/CreativeWork\" ><div class='tab' role='tab' tabindex='0' data-fake-id='#tab-id-3' aria-controls='tab-id-3-content'  itemprop=\"headline\" >Aufs\u00e4tze<\/div><div id='tab-id-3-content' class='tab_content' aria-hidden=\"true\"><div class='tab_inner_content invers-color'  itemprop=\"text\" ><div id=\"PrintPageDiv\">\n<div id=\"MasterPageDiv\">\n<div id=\"ElementID781Div\">\n<div>\n<div class=\"largebold\"><\/div>\n<div>\n<div><\/div>\n<div>\n<div>Der Insider und die Insiderinformation \u2013 Ein \u00dcberblick \u00fcber den Insiderstraftatbestand und Massnahmen zur Vorbeugung von Insiderhandel, Recht relevant f\u00fcr Compliance Officers 3\/2022, S. 2 ff. (gemeinsam mit Jean-Pascal Stoll)<\/div>\n<div>\n<div>\n<div class=\"large\">\n<hr \/>\n<\/div>\n<\/div>\n<p>Practical Issues of Medical Experts in Assessing Persons With Mental Illness Asking for Assisted Dying in Switzerland, Frontiers in Psychiatry, July 2022, Volume 13, Article 909194 (ge-meinsam mit Henning Hachtel, Tanya Kochuparackal, Marc Graf und Tobias Vogel)<\/p>\n<\/div>\n<div>\n<div>\n<div class=\"large\">\n<hr \/>\n<\/div>\n<\/div>\n<p>Das Recht auf Selbstbestimmung von Bewohnerinnen und Bewohnern von Alters- und Pflegeheimen in Zeiten von Corona (COVID-19), Pflegerecht \u2013 Pflege in Politik, Wissenschaft und \u00d6konomie, Band 1\/2021, S. 52 ff. (gemeinsam mit Meret T. M\u00fcller)<\/p>\n<\/div>\n<div>\n<div>\n<div class=\"large\">\n<hr \/>\n<\/div>\n<\/div>\n<\/div>\n<\/div>\n<div>Mitt\u00e4terschaft beim Fahrl\u00e4ssigkeitsdelikt im Strafrecht, in: sui-generis 2018, S. 1 &#8211; 19, <a href=\"http:\/\/sui-generis.ch\/55\" target=\"_blank\" rel=\"noopener noreferrer\">http:\/\/sui-generis.ch\/55<br \/>\n<\/a><\/div>\n<div>\n<div class=\"large\">\n<hr \/>\n<\/div>\n<\/div>\n<div><\/div>\n<div><\/div>\n<div class=\"large\">\n<div class=\"large\">\n<div>F\u00fcnf Mythen \u00fcber Suizidhilfeorganisationen, in: Jusletter 8. Mai 2017\u00a0<a href=\"https:\/\/www.boeckli-buehler.ch\/wp-content\/uploads\/2017\/12\/DH_F\u00fcnfMy.pdf\" target=\"_blank\" rel=\"noopener noreferrer\"><strong>&gt; PDF<br \/>\n<\/strong><\/a><\/div>\n<div>\n<div class=\"large\">\n<hr \/>\n<\/div>\n<\/div>\n<\/div>\n<div class=\"large\">\n<p>Kontroverse: Pro organisierte Suizidbeihilfe, Ethik in der Medizin Band 27\/2015, S. 163 ff. (Online publiziert 8. M\u00e4rz 2015) (gemeinsam mit Grischa Merkel)<\/p>\n<\/div>\n<div class=\"large\">\n<hr \/>\n<p>Telemedizin und Strafrecht: Spannungsfeld zwischen &#8222;bequemer&#8220; Heilung aus Distanz und \u00e4rztlicher Sorgfaltspflicht am Beispiel der Telefonkonsultation, ZStrR Band 130 (2012) S. 195 ff. (gemeinsam mit Mirjam Olah)<\/p>\n<\/div>\n<div class=\"large\">\n<hr \/>\n<p>Verwertbarkeit rechtswidrig erlangter Beweise gem\u00e4ss Schweizerischer Strafprozessordnung \u2013 alte Z\u00f6pfe oder substanzielle Neuerungen?, ZStrR Band 127 (2009), S. 225 ff.<\/p>\n<\/div>\n<div class=\"large\">\n<hr \/>\n<p>Die selbstgeschaffene Insiderinformation. Transaktionen aufgrund eigener Planung im Lichte des Insiderhandelsverbots, GesKR 2009, S. 453 ff. (gemeinsam mit Christoph B. B\u00fchler) <a href=\"https:\/\/www.boeckli-buehler.ch\/wp-content\/uploads\/2017\/12\/Bu_DH_2009ZeitschriftenDieselbstgeschaffeneInsiderinformation-1.pdf\" target=\"_blank\" rel=\"noopener noreferrer\"><strong>&gt; PDF<\/strong><\/a><\/p>\n<\/div>\n<div class=\"large\">\n<hr \/>\n<p>Strukturver\u00e4nderungen und Liquidation als Grenzen des Unternehmensstrafrechts?, ZSR\/RDS 128 (2009) I, S. 529 ff. (gemeinsam mit Manuel Mohler)<\/p>\n<\/div>\n<div class=\"large\">\n<hr \/>\n<p>D\u00e9charge im Konzern, SZW\/RSDA 2009, S. 103 ff. (gemeinsam mit Christoph B. B\u00fchler) <strong><a href=\"https:\/\/www.boeckli-buehler.ch\/wp-content\/uploads\/2023\/04\/Bue_DH_-Decharge-im-Konzern.pdf\" target=\"_blank\" rel=\"noopener noreferrer\">&gt; PDF<\/a><\/strong><\/p>\n<\/div>\n<div class=\"large\">\n<hr \/>\n<p>Das Aktienbuch: Ein neuer Blick auf ein altes Register, in: De lege negotiorum, Festschrift f\u00fcr Fran\u00e7ois Chaudet, Genf 2009, S. 119 ff. (gemeinsam mit Peter B\u00f6ckli)<\/p>\n<\/div>\n<div class=\"large\">\n<hr \/>\n<p>Das verh\u00e4ngnisvolle Streichholz, Klausur im Strafrecht, ius.full 2008, S. 64 ff.<\/p>\n<\/div>\n<div class=\"large\">\n<hr \/>\n<p>Neuerungen im Bereich internationaler Kindesentf\u00fchrung, FamPra.ch 2007, S. 256 ff.<\/p>\n<\/div>\n<\/div>\n<\/div>\n<div class=\"large\">\n<div class=\"large\"><\/div>\n<\/div>\n<\/div>\n<\/div>\n<\/div>\n<\/div>\n<\/div><\/div><\/section>\n<section class='av_tab_section av_tab_section av-lmpa5-d8cae06e8a040bd73cdf7f6ea4e1dc5c'  itemscope=\"itemscope\" itemtype=\"https:\/\/schema.org\/CreativeWork\" ><div class='tab' role='tab' tabindex='0' data-fake-id='#tab-id-4' aria-controls='tab-id-4-content'  itemprop=\"headline\" >Urteilsanmerkungen<\/div><div id='tab-id-4-content' class='tab_content' aria-hidden=\"true\"><div class='tab_inner_content invers-color'  itemprop=\"text\" ><div class=\"large\">Verantwortlichkeit nach Art. 52 AHVG: Faktische Organstellung und Grenzen der Haftung, Urteile des schweizerischen Bundesgerichts 9C_535\/2008 vom 3. Dezember 2008 und 9C_859\/2007 vom 16. Dezember, GesKR 2009, S. 246 ff. (gemeinsam mit Christian Hochstrasser)<\/div>\n<div class=\"large\">\n<hr \/>\n<p>Das Prinzip der Stoffgleichheit beim Betrug, Entscheidbesprechung BGE 134 IV 210 (Urteil 6B_4\/2008 vom 13. Juni 2008), AJP\/PJA 2008, S. 1596 ff.<\/p>\n<\/div>\n<div class=\"large\">\n<hr \/>\n<p>Eventualvors\u00e4tzliche schwere K\u00f6rperverletzung durch ungesch\u00fctzten Sexualkontakt einer HIV-infizierten Person. Straflose Mitwirkung an fremder Selbstgef\u00e4hrdung, wenn das Opfer um die Infektion weiss, Entscheidbesprechung BGE 131 IV 1 ff., AJP\/PJA 2006, S. 372 ff.<\/p>\n<\/div>\n<\/div><\/div><\/section>\n<section class='av_tab_section av_tab_section av-d3wj1-41254b93fe25e026c513ec9ca94bbcad'  itemscope=\"itemscope\" itemtype=\"https:\/\/schema.org\/CreativeWork\" ><div class='tab' role='tab' tabindex='0' data-fake-id='#tab-id-5' aria-controls='tab-id-5-content'  itemprop=\"headline\" >Rezensionen<\/div><div id='tab-id-5-content' class='tab_content' aria-hidden=\"true\"><div class='tab_inner_content invers-color'  itemprop=\"text\" ><p>Systematik der elterlichen Personensorge in der Schweiz, Buchbesprechung Diss. 2006 von Patrick Fassbind, AJP\/PJA 2007, S. 539 f.<\/p>\n<\/div><\/div><\/section>\n<section class='av_tab_section av_tab_section av-nuwd-f1f118a96ba0a09af60e83b05dc2e5a6'  itemscope=\"itemscope\" itemtype=\"https:\/\/schema.org\/CreativeWork\" ><div class='tab' role='tab' tabindex='0' data-fake-id='#tab-id-6' aria-controls='tab-id-6-content'  itemprop=\"headline\" >Referate<\/div><div id='tab-id-6-content' class='tab_content' aria-hidden=\"true\"><div class='tab_inner_content invers-color'  itemprop=\"text\" ><div>Gesetzliche Regelung der (organisierten) Suizidhilfe: Besteht Handlungs- bzw. Regelungsbedarf oder ist sie vollst\u00e4ndig und angemessen?, Tagung EXIT Deutsche Schweiz in Z\u00fcrich, gehalten am 26. Oktober 2024<\/div>\n<div>\n<div class=\"large\">\n<hr \/>\n<\/div>\n<\/div>\n<div>Suizidhilfe als aussergew\u00f6hnlicher Todesfall: Problematik der aktuellen Regelung und m\u00f6gliche L\u00f6sungsans\u00e4tze, Tagung EXIT Deutsche Schweiz in Z\u00fcrich, gehalten am 26. Oktober 2024<\/div>\n<div>\n<div class=\"large\">\n<hr \/>\n<\/div>\n<p>Der Insiderstraftatbestand: \u00dcberblick und neuere bundesstrafgerichtliche Rechtsprechung, Schulthess Forum Wirtschaftsstrafrecht 2021 in Z\u00fcrich, gehalten am 23. November 2021<\/p>\n<\/div>\n<div>\n<div class=\"large\">\n<hr \/>\n<\/div>\n<p>Rechtliche Rahmenbedingungen des Altersfreitods \u2013 Fantasien und Realit\u00e4t, Tagung EXIT Deutsche Schweiz zum Thema Altersfreitod in Z\u00fcrich, gehalten am 16. November 2019<\/p>\n<\/div>\n<div>\n<div class=\"large\">\n<hr \/>\n<\/div>\n<p>Kosten und Entsch\u00e4digung im Strafprozessrecht, inkl. Zivilforderung, aus der Optik der Privatkl\u00e4gerschaft, Tagung der Stiftung f\u00fcr die Weiterbildung schweizerischer Richterinnen und Rich-ter in Olten, gehalten am 12. Juni 2019<\/p>\n<\/div>\n<div>\n<div class=\"large\">\n<hr \/>\n<\/div>\n<p>Strafrecht aus der Sicht des Dozenten, Anwalts und Richters, Vortrag im Rahmen der Schulungskurse der Advokatenkammer an der Universit\u00e4t Basel, gehalten am 20. November 2018<\/p>\n<\/div>\n<div>\n<div class=\"large\">\n<hr \/>\n<\/div>\n<\/div>\n<div class=\"large\">Gerichtliche Aspekte einer Scheidung, Weiterbildungsveranstaltung zu Scheidungsfragen, zak Zentrum f\u00fcr Agogik GmbH, Basel, 20. November 2012<\/div>\n<div class=\"large\">\n<hr \/>\n<p>Gerichtliche Aspekte einer Scheidung, Weiterbildungsveranstaltung zu Scheidungsfragen, zak Zentrum f\u00fcr Agogik GmbH, Basel, 17. Mai 2011<\/p>\n<\/div>\n<div class=\"large\">\n<hr \/>\n<p>Gerichtliche Aspekte einer Scheidung, Weiterbildungsveranstaltung zu Scheidungsfragen, zak Zentrum f\u00fcr Agogik GmbH, Basel, 2. November 2010<\/p>\n<\/div>\n<div class=\"large\">\n<hr \/>\n<p>Gerichtliche Aspekte einer Scheidung, Weiterbildungsveranstaltung zu Scheidungsfragen, zak Zentrum f\u00fcr Agogik GmbH, Basel, 28. April 2010<\/p>\n<\/div>\n<div class=\"large\">\n<hr \/>\n<p>Das Bundesgesetz \u00fcber internationale Kindesentf\u00fchrungen, Tagung Kind und Recht, Universit\u00e4t St. Gallen, Z\u00fcrich, 19. August 2008<\/p>\n<\/div>\n<\/div><\/div><\/section>\n<\/div><\/div>\n","protected":false},"excerpt":{"rendered":"","protected":false},"author":1,"featured_media":0,"parent":22,"menu_order":4,"comment_status":"closed","ping_status":"closed","template":"","meta":{"footnotes":""},"_links":{"self":[{"href":"https:\/\/www.boeckli-buehler.ch\/de\/wp-json\/wp\/v2\/pages\/133"}],"collection":[{"href":"https:\/\/www.boeckli-buehler.ch\/de\/wp-json\/wp\/v2\/pages"}],"about":[{"href":"https:\/\/www.boeckli-buehler.ch\/de\/wp-json\/wp\/v2\/types\/page"}],"author":[{"embeddable":true,"href":"https:\/\/www.boeckli-buehler.ch\/de\/wp-json\/wp\/v2\/users\/1"}],"replies":[{"embeddable":true,"href":"https:\/\/www.boeckli-buehler.ch\/de\/wp-json\/wp\/v2\/comments?post=133"}],"version-history":[{"count":39,"href":"https:\/\/www.boeckli-buehler.ch\/de\/wp-json\/wp\/v2\/pages\/133\/revisions"}],"predecessor-version":[{"id":4788,"href":"https:\/\/www.boeckli-buehler.ch\/de\/wp-json\/wp\/v2\/pages\/133\/revisions\/4788"}],"up":[{"embeddable":true,"href":"https:\/\/www.boeckli-buehler.ch\/de\/wp-json\/wp\/v2\/pages\/22"}],"wp:attachment":[{"href":"https:\/\/www.boeckli-buehler.ch\/de\/wp-json\/wp\/v2\/media?parent=133"}],"curies":[{"name":"wp","href":"https:\/\/api.w.org\/{rel}","templated":true}]}}