{"id":698,"date":"2018-02-22T07:18:19","date_gmt":"2018-02-22T07:18:19","guid":{"rendered":"https:\/\/www.boeckli-buehler.ch\/?page_id=698"},"modified":"2023-02-28T12:09:40","modified_gmt":"2023-02-28T12:09:40","slug":"peter-boeckli","status":"publish","type":"page","link":"https:\/\/www.boeckli-buehler.ch\/en\/team\/peter-boeckli\/","title":{"rendered":"PETER B\u00d6CKLI"},"content":{"rendered":"<div id='full_slider_1'  class='avia-fullwidth-slider main_color avia-shadow   avia-builder-el-0  el_before_av_two_third  avia-builder-el-first   container_wrap sidebar_right'  ><div  class='avia-slideshow av-av_slideshow_full-32de997090c749a8c82b86d1ff824dd4 avia-slideshow-featured av_slideshow_full avia-slide-slider av-slideshow-ui av-control-default av-slideshow-manual av-loop-once av-loop-manual-endless av-default-height-applied   avia-slideshow-1' data-slideshow-options=\"{&quot;animation&quot;:&quot;slide&quot;,&quot;autoplay&quot;:false,&quot;loop_autoplay&quot;:&quot;once&quot;,&quot;interval&quot;:5,&quot;loop_manual&quot;:&quot;manual-endless&quot;,&quot;autoplay_stopper&quot;:false,&quot;noNavigation&quot;:false,&quot;bg_slider&quot;:false,&quot;keep_padding&quot;:false,&quot;hoverpause&quot;:false,&quot;show_slide_delay&quot;:0}\"  itemprop=\"image\" itemscope=\"itemscope\" itemtype=\"https:\/\/schema.org\/ImageObject\" ><ul class='avia-slideshow-inner ' style='padding-bottom: 20.3125%;'><li  class='avia-slideshow-slide av-av_slideshow_full-32de997090c749a8c82b86d1ff824dd4__0  av-single-slide slide-1 slide-odd'><div data-rel='slideshow-1' class='avia-slide-wrap '   ><img decoding=\"async\" fetchpriority=\"high\" class=\"wp-image-2103 avia-img-lazy-loading-not-2103\"  src=\"https:\/\/www.boeckli-buehler.ch\/wp-content\/uploads\/2018\/02\/8216.jpg\" width=\"1280\" height=\"260\" title='' alt=''  itemprop=\"thumbnailUrl\" srcset=\"https:\/\/www.boeckli-buehler.ch\/wp-content\/uploads\/2018\/02\/8216.jpg 1280w, https:\/\/www.boeckli-buehler.ch\/wp-content\/uploads\/2018\/02\/8216-300x61.jpg 300w, https:\/\/www.boeckli-buehler.ch\/wp-content\/uploads\/2018\/02\/8216-768x156.jpg 768w, https:\/\/www.boeckli-buehler.ch\/wp-content\/uploads\/2018\/02\/8216-1030x209.jpg 1030w, https:\/\/www.boeckli-buehler.ch\/wp-content\/uploads\/2018\/02\/8216-705x143.jpg 705w, https:\/\/www.boeckli-buehler.ch\/wp-content\/uploads\/2018\/02\/8216-450x91.jpg 450w\" sizes=\"(max-width: 1280px) 100vw, 1280px\" \/><\/div><\/li><\/ul><\/div><\/div><div id='after_full_slider_1'  class='main_color av_default_container_wrap container_wrap sidebar_right'  ><div class='container av-section-cont-open' ><div class='template-page content  av-content-small alpha units'><div class='post-entry post-entry-type-page post-entry-698'><div class='entry-content-wrapper clearfix'>\n\n<style type=\"text\/css\" data-created_by=\"avia_inline_auto\" id=\"style-css-av-av_two_third-6126cab7d8fab8d08143dd2dacdf673c\">\n.flex_column.av-av_two_third-6126cab7d8fab8d08143dd2dacdf673c{\nborder-radius:0px 0px 0px 0px;\npadding:0px 0px 0px 0px;\n}\n<\/style>\n<div  class='flex_column av-av_two_third-6126cab7d8fab8d08143dd2dacdf673c av_two_third  avia-builder-el-1  el_after_av_slideshow_full  el_before_av_one_third  avia-builder-el-first  first flex_column_div av-zero-column-padding  '     ><p>\n<style type=\"text\/css\" data-created_by=\"avia_inline_auto\" id=\"style-css-av-av_heading-0ebce22580df2d1ad2371b1de5464ffe\">\n#top .av-special-heading.av-av_heading-0ebce22580df2d1ad2371b1de5464ffe{\npadding-bottom:10px;\n}\nbody .av-special-heading.av-av_heading-0ebce22580df2d1ad2371b1de5464ffe .av-special-heading-tag .heading-char{\nfont-size:25px;\n}\n.av-special-heading.av-av_heading-0ebce22580df2d1ad2371b1de5464ffe .av-subheading{\nfont-size:15px;\n}\n<\/style>\n<div  class='av-special-heading av-av_heading-0ebce22580df2d1ad2371b1de5464ffe av-special-heading-h1 blockquote modern-quote  avia-builder-el-2  el_before_av_textblock  avia-builder-el-first '><h1 class='av-special-heading-tag'  itemprop=\"headline\"  >PETER B\u00d6CKLI<\/h1><div class='av-subheading av-subheading_below'><p>Prof. Dr. iur. Dr. h.c., Attorney-at-law<br \/>\nOf Counsel<\/p>\n<\/div><div class=\"special-heading-border\"><div class=\"special-heading-inner-border\"><\/div><\/div><\/div><br \/>\n<section  class='av_textblock_section av-av_textblock-396ddf1f42196ca838231e61a4602801 '   itemscope=\"itemscope\" itemtype=\"https:\/\/schema.org\/CreativeWork\" ><div class='avia_textblock'  itemprop=\"text\" ><p style=\"text-align: justify;\">Peter B\u00f6ckli completed his studies in Basel in 1960 with a thesis on shareholder voting rights, and entered legal practice as an attorney-at-law in 1962. From 1963 to 1966 he was employed as a trainee and, subsequently, as an associate with White &amp; Case in New York and Paris.<\/p>\n<p style=\"text-align: justify;\">Since 1967 he has practised law in Basel. In 1975 he obtained his post-doctoral degree in tax law and lectured on tax and business law as a part-time professor at the University of Basel until 2001. In 2017 he was bestowed a honorary doctorate by the University of Berne.<\/p>\n<p style=\"text-align: justify;\">Since 1979 he has dedicated a substantial amount of his time to his duties as a non-executive member of the boards of various Swiss public companies. He was employed by the Swiss government in a number of expert committees for the revision of federal laws.<\/p>\n<p style=\"text-align: justify;\">Peter B\u00f6ckli enjoys writing essays and books, both legal and non-legal. He also likes sports (swimming, hiking and golf), is fascinated by art and takes great pleasure in history and etymology.<\/p>\n<\/div><\/section><br \/>\n\n<style type=\"text\/css\" data-created_by=\"avia_inline_auto\" id=\"style-css-av-av_hr-741ab06d0690c1111415ef58b6e9dc92\">\n#top .hr.hr-invisible.av-av_hr-741ab06d0690c1111415ef58b6e9dc92{\nheight:40px;\n}\n<\/style>\n<div  class='hr av-av_hr-741ab06d0690c1111415ef58b6e9dc92 hr-invisible  avia-builder-el-4  el_after_av_textblock  el_before_av_textblock '><span class='hr-inner '><span class=\"hr-inner-style\"><\/span><\/span><\/div><br \/>\n<section  class='av_textblock_section av-leidfxm9-47cc156e4d19aedba2e310536c702b91 '   itemscope=\"itemscope\" itemtype=\"https:\/\/schema.org\/CreativeWork\" ><div class='avia_textblock'  itemprop=\"text\" ><\/div><\/section><\/p><\/div>\n<style type=\"text\/css\" data-created_by=\"avia_inline_auto\" id=\"style-css-av-av_one_third-0aa7055fe62c3622faec82866afbaeb2\">\n.flex_column.av-av_one_third-0aa7055fe62c3622faec82866afbaeb2{\nborder-radius:0px 0px 0px 0px;\npadding:0px 0px 0px 0px;\n}\n<\/style>\n<div  class='flex_column av-av_one_third-0aa7055fe62c3622faec82866afbaeb2 av_one_third  avia-builder-el-6  el_after_av_two_third  el_before_av_one_full  flex_column_div av-zero-column-padding  '     ><p>\n<style type=\"text\/css\" data-created_by=\"avia_inline_auto\" id=\"style-css-av-av_image-803c0b392e22c75bff1f076c88be5e51\">\n.avia-image-container.av-av_image-803c0b392e22c75bff1f076c88be5e51 img.avia_image{\nbox-shadow:none;\n}\n.avia-image-container.av-av_image-803c0b392e22c75bff1f076c88be5e51 .av-image-caption-overlay-center{\ncolor:#ffffff;\n}\n<\/style>\n<div  class='avia-image-container av-av_image-803c0b392e22c75bff1f076c88be5e51 av-styling- avia-align-right  avia-builder-el-7  el_before_av_hr  avia-builder-el-first '   itemprop=\"image\" itemscope=\"itemscope\" itemtype=\"https:\/\/schema.org\/ImageObject\" ><div class=\"avia-image-container-inner\"><div class=\"avia-image-overlay-wrap\"><img decoding=\"async\" fetchpriority=\"high\" class='wp-image-2082 avia-img-lazy-loading-not-2082 avia_image ' src=\"https:\/\/www.boeckli-buehler.ch\/wp-content\/uploads\/2018\/02\/peter_boeckli_new.jpg\" alt='' title=''  height=\"650\" width=\"500\"  itemprop=\"thumbnailUrl\" srcset=\"https:\/\/www.boeckli-buehler.ch\/wp-content\/uploads\/2018\/02\/peter_boeckli_new.jpg 500w, https:\/\/www.boeckli-buehler.ch\/wp-content\/uploads\/2018\/02\/peter_boeckli_new-231x300.jpg 231w, https:\/\/www.boeckli-buehler.ch\/wp-content\/uploads\/2018\/02\/peter_boeckli_new-450x585.jpg 450w\" sizes=\"(max-width: 500px) 100vw, 500px\" \/><\/div><\/div><\/div><br \/>\n\n<style type=\"text\/css\" data-created_by=\"avia_inline_auto\" id=\"style-css-av-av_hr-616cd310f4c6bf63bbd1f033802c1165\">\n#top .hr.hr-invisible.av-av_hr-616cd310f4c6bf63bbd1f033802c1165{\nheight:20px;\n}\n<\/style>\n<div  class='hr av-av_hr-616cd310f4c6bf63bbd1f033802c1165 hr-invisible  avia-builder-el-8  el_after_av_image  el_before_av_textblock '><span class='hr-inner '><span class=\"hr-inner-style\"><\/span><\/span><\/div><br \/>\n<section  class='av_textblock_section av-av_textblock-396ddf1f42196ca838231e61a4602801 '   itemscope=\"itemscope\" itemtype=\"https:\/\/schema.org\/CreativeWork\" ><div class='avia_textblock'  itemprop=\"text\" ><p style=\"text-align: center;\">\u00abWhat fascinates me about my profession\u00a0is analysing and creating.\u00bb<\/p>\n<\/div><\/section><br \/>\n<section  class='av_textblock_section av-av_textblock-396ddf1f42196ca838231e61a4602801 '   itemscope=\"itemscope\" itemtype=\"https:\/\/schema.org\/CreativeWork\" ><div class='avia_textblock'  itemprop=\"text\" ><p style=\"text-align: center;\"><a href=\"mailto:p.boeckli@boeckli-buehler.ch\">E-Mail<\/a>\u00a0| <a href=\"https:\/\/www.boeckli-buehler.ch\/wp-content\/uploads\/2018\/02\/Peter-B\u00f6ckli.vcf\">vCard<\/a><\/p>\n<p style=\"text-align: center;\">Assistant: <a href=\"mailto:sekretariat.boeckli@boeckli-buehler.ch\">E-Mail<\/a><\/p>\n<\/div><\/section><\/p><\/div><\/p>\n\n<style type=\"text\/css\" data-created_by=\"avia_inline_auto\" id=\"style-css-av-av_one_full-6126cab7d8fab8d08143dd2dacdf673c\">\n.flex_column.av-av_one_full-6126cab7d8fab8d08143dd2dacdf673c{\nborder-radius:0px 0px 0px 0px;\npadding:0px 0px 0px 0px;\n}\n<\/style>\n<div  class='flex_column av-av_one_full-6126cab7d8fab8d08143dd2dacdf673c av_one_full  avia-builder-el-11  el_after_av_one_third  avia-builder-el-last  first flex_column_div av-zero-column-padding  column-top-margin'     ><div  class='tabcontainer av-legu1cft-eaded4807a955c97f2fa3fe3abc1771d top_tab  avia-builder-el-12  avia-builder-el-no-sibling ' role='tablist'>\n<section class='av_tab_section av_tab_section av-av_tab-07ec0cff3334b85fb7f3ed6bfdc9cbc0'  itemscope=\"itemscope\" itemtype=\"https:\/\/schema.org\/CreativeWork\" ><div class='tab active_tab' role='tab' tabindex='0' data-fake-id='#tab-id-1' aria-controls='tab-id-1-content'  itemprop=\"headline\" >2009 - Now<\/div><div id='tab-id-1-content' class='tab_content active_tab_content' aria-hidden=\"false\"><div class='tab_inner_content invers-color'  itemprop=\"text\" ><div>\n<p><strong>PUBLICATIONS PETER B\u00d6CKLI &#8211; 2009 &#8211; Now<\/strong><\/p>\n<hr \/>\n<p>\u00abSchweizer Aktienrecht &#8211; Aktienrecht mit Rechnungslegung\u00bb, F\u00fcnfte, vollst\u00e4ndig neu bearbeitete Auflage, Z\u00fcrich 2022<\/p>\n<hr \/>\n<p>Zur \u00abKonzernveranwortungsinitiative\u00bb, Rechtliche \u00dcberlegungen zu den vier Forderungen der Eidgen\u00f6ssischen Volksinitiative \u00abF\u00fcr verantwortungsvolle Unternehmen zum Schutz von Mensch und Umwelt\u00bb, Z\u00fcrich 2018, Co-Autor mit Christoph B. B\u00fchler<\/p>\n<div class=\"largebold\">\n<div>\n<div class=\"large\">\n<hr \/>\n<\/div>\n<\/div>\n<p>\u00abKritischer Blick auf die Botschaft und den Entwurf zur Aktienrechtsrevision 2016\u00bb, in: Zeitschrift Gesellschafts- und Kapitalmarktrecht, GesKR 12 (2017) 133 ff.<\/p>\n<div align=\"left\">\n<hr \/>\n<p>\u00abFinanznotlagerecht im Gesetzesentwurf vom 23. November 2016\u00bb, in: Schweizerische Zeitschrift f\u00fcr Wirtschafts- und Finanzmarktrecht, SZW 89 (2017) 524 ff.<\/p>\n<\/div>\n<div align=\"left\">\n<hr \/>\n<p>\u00abKommanditaktiengesellschaft: Drei Fragen zu einem Mischwesen des Gesellschaftsrechts\u00bb, in: Festschrift f\u00fcr Anton K. Schnyder, Grolimund et al. (Hrsg.), Z\u00fcrich 2018, 973 ff.<\/p>\n<\/div>\n<div align=\"left\">\n<hr \/>\n<\/div>\n<p>\u00abAnerkennung des Gruppeninteresses\u00bb: Initiativen der EU aus Schweizer Sicht, in: Weber\/Stoffel\/Chenaux\/Sethe (Hrsg.), Aktuelle Herausforderungen des Gesellschafts- und Finanzmarktrechts, Festschrift f\u00fcr Prof. von der Crone zum 60. Geburtstag, Z\u00fcrich\/Basel\/Genf 2017, 177 ff.\u00a0<a href=\"https:\/\/www.boeckli-buehler.ch\/wp-content\/uploads\/2018\/02\/B_09_FS_Weber_Boeckli.pdf\" target=\"_blank\" rel=\"noopener noreferrer\"><strong>&gt; PDF<\/strong><\/a><\/p>\n<hr \/>\n<p>\u00abKritische W\u00fcrdigung des Vorschlags des Forum Europaeum on Company Groups aus schweizerischer Perspektive\u00bb, in: Corporate Governance im grenz\u00fcberschreitenden Konzern, Hommelhoff\/Lutter\/Teichmann (Hrsg.), ZGR Sonderheft 20, Berlin\/Boston 2017, 363 ff.<\/p>\n<\/div>\n<div align=\"left\">\n<hr \/>\n<p>\u00abStimmenmehrheit unter Verdacht: Wege und Irrwege im aktienrechtlichen Minderheitenschutz\u00bb, SZW 88 (2016) 444 ff.<\/p>\n<\/div>\n<div align=\"left\">\n<hr \/>\n<p>\u00abDer &#8220;aktuelle Liquidit\u00e4tsplan&#8221; des Vorentwurfs &#8211; Ein neuer Fokus f\u00fcr Verwaltungsrat und Revisor in einer drohenen Finanznotlage\u00bb, SZW 87 (2015) 490 ff.<\/p>\n<\/div>\n<div align=\"left\">\n<hr \/>\n<p>\u00abEine Bl\u00fctenlese der Neuerungen im Vorentwurf zur Aktienrechtsrevision\u00bb, GesKR 10 (2015) 1 ff.<\/p>\n<\/div>\n<div align=\"left\">\n<hr \/>\n<p>\u00abProxy Advisors: Risikolose Stimmenmacht mit Checklisten\u00bb, SZW 87 (2015) 209 ff.<\/p>\n<\/div>\n<div align=\"left\">\n<hr \/>\n<p>\u00abBail-in: Bankenrettung durch Gl\u00e4ubigeropfer\u00bb, in: Festschrift f\u00fcr Peter Nobel zum 70. Geburtstag, Waldburger et al. (Hrsg.), Bern 2015, 321 ff. (gemeinsam mit Martin B\u00f6ckli)<\/p>\n<\/div>\n<div align=\"left\">\n<hr \/>\n<p>\u00abLeitgrunds\u00e4tze f\u00fcr eine Best Practice des KMU-Verwaltungrates\u00bb, SZW 5 (2014) 522 ff.\u00a0<strong><a href=\"https:\/\/www.boeckli-buehler.ch\/wp-content\/uploads\/2018\/02\/B_SZW_5-14.pdf\" target=\"_blank\" rel=\"noopener noreferrer\">&gt; PDF<\/a><\/strong><\/p>\n<\/div>\n<div align=\"left\">\n<hr \/>\n<p>\u00abCorporate Governance: Erfolg und Versagen einer Leitidee\u00bb, ST 88 (2014) 349 ff.<\/p>\n<\/div>\n<div align=\"left\">\n<hr \/>\n<p>\u00abKonzern und Konzerninteresse aus dem Blickwinkel des Einordnungskonzepts\u00bb, in: Verantwortlichkeit im Unternehmensrecht VII, Sethe\/Isler (Hrsg.), Z\u00fcrich 2014, 203 ff.<\/p>\n<\/div>\n<div align=\"left\">\n<hr \/>\n<p>\u00abAd hoc-Publizit\u00e4t. Kursrelevanz als Kernkriterium der Bekanntgabepflicht\u00bb, SZW 86 (2014) 2 ff.<\/p>\n<\/div>\n<div align=\"left\">\n<hr \/>\n<p>\u00abNeue OR-Rechnungslegung\u00bb, (345 Seiten) Z\u00fcrich 2014<\/p>\n<\/div>\n<\/div>\n<div class=\"large\">\n<div>\n<div>\n<div><\/div>\n<div>\n<hr \/>\n<\/div>\n<div>\u00abOR-Fremdw\u00e4hrungsabschluss als Grundlage f\u00fcr die Bemessung der Schweizer Gewinnsteuer\u00bb, in: Festschrift f\u00fcr Markus Reich, Uttinger et al. (Hrsg.), Z\u00fcrich 2014, 185 ff.<\/div>\n<\/div>\n<div><\/div>\n<div>\n<hr \/>\n<\/div>\n<div>\u00abCorporate Boards in Switzerland\u00bb, in: Corporate Boards in Law and Practice, Davies\/Hopt\/Nowak\/van Solinge (Hrsg.), Oxford 2013, 653 ff.<\/div>\n<div>\n<div><\/div>\n<div>\n<hr \/>\n<\/div>\n<div>\u00abAktion\u00e4rsausschuss: Strohfeuer in einer aktienrechtlichen Sackgasse\u00bb, SZW 85 (2013) 1 ff.<\/div>\n<div><\/div>\n<div>\n<hr \/>\n<\/div>\n<div>\u00abAktion\u00e4rsdemokratie: Schlagwort mit Schlagseite. N\u00fcchterne Vorschl\u00e4ge zu einer verbesserten Aktion\u00e4rsmitwirkung\u00bb, GesKR 8 (2013) 179 ff.<\/div>\n<\/div>\n<\/div>\n<div><\/div>\n<div>\n<hr \/>\n<\/div>\n<div>\u00abCoCos, write-offs: Eigenkapitalschaffung mit dem Zauberstab\u00bb, SZW 84 (2012) 181 ff.<\/div>\n<div><\/div>\n<div>\n<hr \/>\n<\/div>\n<div>\u00abInsichgesch\u00e4fte und Interessenkonflikte im Verwaltungsrat: Heutige Rechtslage und Blick auf den kommenden Art. 717a E-OR\u00bb, GesKR 7 (2012) 354 ff.<\/div>\n<div><\/div>\n<div>\n<hr \/>\n<\/div>\n<div>\u00abGemisch von Neuerungen und Altgewohntem in der OR-Rechnungslegung Modell 2011. Ein brauchbarer helvetischer Kompromiss\u00bb, ST 86 (2012) 696 ff.<\/div>\n<div>\n<hr \/>\n<\/div>\n<div>\u00abNeue OR-Rechnungslegung: Herausgegriffene Probleme und L\u00f6sungsans\u00e4tze\u00bb, ST 86 (2012), Spezialnummer \u00abRechnungslegung\u00bb, 820 ff.<\/div>\n<div>\n<div class=\"large\"><\/div>\n<div>\n<hr \/>\n<\/div>\n<div class=\"large\">\u00abL&#8217;agio, champ de bataille &#8211; Apport et restitution de l&#8217;agio sous les aspects du droit des soci\u00e9t\u00e9s et du droit fiscal, ST 85 (2011) 8\/2 ff.<\/div>\n<div class=\"large\"><\/div>\n<div>\n<hr \/>\n<\/div>\n<div class=\"large\">\u00abAuswirkungen der neuen Rechnungslegung auf die Gewinnsteuer\u00bb, ST 85 (2011) 234 ff.<\/div>\n<div class=\"large\"><\/div>\n<div>\n<hr \/>\n<\/div>\n<div class=\"large\">\u00abAktienrechtsrevision: Die Zwangsjacke wird enger geschn\u00fcrt\u00bb, GesKR 6 (2011) 8 ff.<\/div>\n<div class=\"large\"><\/div>\n<div>\n<hr \/>\n<\/div>\n<div class=\"large\">\u00abZum neuen Schweizer Verg\u00fctungsrecht \u2013 Entl\u00f6hnung der Unternehmensspitze zwischen Lohndirigismus, Populismus und Aktienrecht \u00bb, in: Grundmann et al. (Hrsg.), Festschrift f\u00fcr Klaus J. Hopt zum 70. Geburtstag, Unternehmen, Markt und Verantwortung, Band 2, Berlin 2010, 3003 ff.<\/div>\n<div class=\"large\"><\/div>\n<div>\n<hr \/>\n<\/div>\n<div class=\"large\">\u00abDas neue OR-Rechnungslegungsrecht. Die Fassung des St\u00e4nderats unter der kritischen Lupe\u00bb, ST 84 (2010) 160 ff.<\/div>\n<div class=\"large\"><\/div>\n<div>\n<hr \/>\n<\/div>\n<div class=\"large\">\u00abSwiss GAAP FER \u2013 IFRS-SME \u2013 E-OR. Wie weiter mit dem Buchstabensalat? Zur Feier \u00ab25 Jahre FER\u00bb, ST 84 (2010) 27 ff.<\/div>\n<div class=\"large\"><\/div>\n<div>\n<hr \/>\n<\/div>\n<div class=\"large\">\u00abDie Schweizer Verwaltungsr\u00e4te zwischen Hammer und Amboss\u00bb, SZW 106 (2010) 1 ff. und SZW 106 (2010) 25 ff.<\/div>\n<div class=\"large\"><\/div>\n<div>\n<hr \/>\n<\/div>\n<div class=\"large\">\u00abSchweizer Aktienrecht\u00bb, 4., vollst\u00e4ndig neu bearbeitete Auflage, Z\u00fcrich 2009<\/div>\n<div class=\"large\"><\/div>\n<div>\n<hr \/>\n<\/div>\n<div class=\"large\">\u00abKonvergenz: Ann\u00e4herung des monistischen und des dualistischen F\u00fchrungs- und Aufsichtssystems\u00bb, in: Hommelhoff\/Hopt\/v. Werder (Hrsg.), Handbuch Corporate Governance, Leitung und \u00dcberwachung b\u00f6rsennotierter Unternehmen in der Rechts- und Wirtschaftspraxis, 2. A. Stuttgart\/K\u00f6ln 2009, 255 ff.<\/div>\n<div class=\"large\"><\/div>\n<div>\n<hr \/>\n<\/div>\n<div class=\"large\">\u00abDoktor Eisenbart als Gesetzgeber? Die Initiative \u00abMinder\u00bb und der Gegenvorschlag des Bundesrates\u00bb, in: Trindade\/Peter\/Bovet (Hrsg.), Liber Amicorum Anne Petitpierre-Sauvain, Gen\u00e8ve 2009, 29 ff.<\/div>\n<div class=\"large\"><\/div>\n<div>\n<hr \/>\n<\/div>\n<div class=\"large\">\u00abDas Aktienbuch: ein neuer Blick auf ein altes Register\u00bb, in: Juan Carlos Landrove (Hrsg.), Festschrift f\u00fcr Fran\u00e7ois Chaudet, Gen\u00e8ve 2009, 119 ff., als Co-Autor mit Daniel H\u00e4ring<\/div>\n<div class=\"large\"><\/div>\n<div>\n<hr \/>\n<\/div>\n<div class=\"large\">\u00abDer Staat als faktisches Organ einer von ihm beherrschten privaten Aktiengesellschaft\u00bb, in: Philippin\/Gilli\u00e9ron\/Vulliemin\/Michel (Hrsg.), M\u00e9langes en l&#8217;honneur de Fran\u00e7ois Dessemontet, Lausanne 2009, 17 ff., als Co-Autor mit Dr. Christoph B. B\u00fchler, LL.M.<\/div>\n<div class=\"large\"><\/div>\n<div>\n<hr \/>\n<\/div>\n<div class=\"large\">\u00abJusqu&#8217;\u00e0 la mort de la comtesse. Le drame autour de l&#8217;H\u00f4tel-Palace du comte de Renesse \u00e0 Maloja\u00bb, traduit en fran\u00e7ais par Marie-Edith B\u00f6ckli n\u00e9e Filleul avec le soutien de Christine Manessier, Z\u00fcrich 2009<\/div>\n<div class=\"large\"><\/div>\n<div>\n<hr \/>\n<\/div>\n<div class=\"large\">\u00abDer bilanzbezogene Eigenkapitalschutz\u00bb, SZW 81 (2009) 1 ff.<\/div>\n<\/div>\n<\/div>\n<\/div><\/div><\/section>\n<section class='av_tab_section av_tab_section av-av_tab-d212616471e8fa1fec9f08cc312d5a7e'  itemscope=\"itemscope\" itemtype=\"https:\/\/schema.org\/CreativeWork\" ><div class='tab' role='tab' tabindex='0' data-fake-id='#tab-id-2' aria-controls='tab-id-2-content'  itemprop=\"headline\" >2000 - 2008<\/div><div id='tab-id-2-content' class='tab_content' aria-hidden=\"true\"><div class='tab_inner_content invers-color'  itemprop=\"text\" ><div id=\"PrintPageDiv\">\n<div id=\"MasterPageDiv\">\n<div id=\"ElementID783Div\">\n<div>\n<div class=\"largebold\"><strong>PUBLICATIONS PETER B\u00d6CKLI &#8211; 2000 &#8211; 2008<\/strong><\/div>\n<div class=\"largebold\"><\/div>\n<div><\/div>\n<div>\n<div>\n<hr \/>\n<\/div>\n<div class=\"large\">\u00abAusklammerung der Revisionsstelle aus der Solidarhaftung mit den gesch\u00e4ftsf\u00fchrenden Organen\u00bb, in: Max Boemle, Festschrift zum 80. Geburtstag, Z\u00fcrich 2008, 235 ff., als Co-Autor mit Dr. Christoph B. B\u00fchler, LL.M.<\/div>\n<div class=\"large\"><\/div>\n<div>\n<hr \/>\n<\/div>\n<div class=\"large\">\u00abNachbesserungen und Fehlleistungen in der Revision des Aktienrechts \u00bb, Zum Gesetzesentwurf vom 21. Dezember 2007, SJZ 104 (2008) 333 ff.<\/div>\n<div class=\"large\"><\/div>\n<div>\n<hr \/>\n<\/div>\n<div class=\"large\">\u00abRechtliche Grenzen einer Selbstbehinderung der Aktiengesellschaft durch ihre Statuten\u00bb, in: Vogt\/Stupp\/Dubs (Hrsg.), Unternehmen \u2013 Transaktion \u2013 Recht, Liber Amicorum f\u00fcr Rolf Watter zum 50. Geburtstag, Z\u00fcrich 2008, 37 ff., als Co-Autor mit Dr. Christoph B. B\u00fchler, LL.M.<\/div>\n<div class=\"large\"><\/div>\n<div>\n<hr \/>\n<\/div>\n<div class=\"large\">\u00abExistenz eines internen Kontrollsystems \u2013 eine neue Pflichtpr\u00fcfung der Revisionsstelle\u00bb, Die Unternehmung 61 (2007) Nr. 6 463 ff.<\/div>\n<div class=\"large\"><\/div>\n<div>\n<hr \/>\n<\/div>\n<div class=\"large\">\u00abDer angels\u00e4chsische Trust \u2013 Zivilrecht und Steuerrecht\u00bb, GesKR 2 (2007) 209 ff. und StR 62 (2007) 610 ff.<\/div>\n<div class=\"large\"><\/div>\n<div>\n<hr \/>\n<\/div>\n<div class=\"large\">\u00abRevisionsstelle und Abschlusspr\u00fcfung nach neuem Recht\u00bb, Schriften zum Aktienrecht 24, Z\u00fcrich 2007 und Nachdruck 2008<\/div>\n<div class=\"large\"><\/div>\n<div>\n<hr \/>\n<\/div>\n<div class=\"large\">\u00abCorporate Governance: Der Staat in der Eigent\u00fcmerrolle gegen\u00fcber seinen selbst\u00e4ndigen Anstalten\u00bb, in: Breitenmoser\/Ehrenzeller\/Sass\u00f2li\/Stoffel\/Wagner Pfeifer (Hrsg.), Menschenrechte, Demokratie und Rechtsstaat, Liber amicorum Luzius Wildhaber, Z\u00fcrich 2007, 1141 ff.<\/div>\n<div class=\"large\"><\/div>\n<div>\n<hr \/>\n<\/div>\n<div class=\"large\">\u00abDas neue schweizerische GmbH-Recht: Was ist wirklich neu? Eine \u00dcbersicht\u00bb, in: B\u00f6ckli\/Forstmoser (Hrsg.), Europainstitut Z\u00fcrich 71, Z\u00fcrich 2006, 1 ff.<\/div>\n<div class=\"large\"><\/div>\n<div>\n<hr \/>\n<\/div>\n<div class=\"large\">\u00abDas Ende legitimer Amtsf\u00fchrung eines Verwaltungsrats bei Eintritt der \u00dcberschuldung\u00bb, in: Bohnet\/Wessner (Hrsg.), Droit des soci\u00e9t\u00e9s, M\u00e9langes en l&#8217;honneur de Roland Ruedin, Basel 2006, 163 ff.<\/div>\n<div class=\"large\"><\/div>\n<div>\n<hr \/>\n<\/div>\n<div class=\"large\">Zum Vorentwurf f\u00fcr eine Revision des Aktien- und Rechnungslegungsrechts. Eine kritische \u00dcbersicht\u00bb, GesKR 1 (2006) 4 ff. \u00abCorporate Governance: Vertrauen an der Unternehmensspitze\u00bb, in: Charlotte M. Baer (Hrsg.), Verwaltungsrat und Gesch\u00e4ftsleitung, St. Galler Studien zum Privat-, Handels-und Wirtschaftsrecht, 76, Bern 2005, 33 ff.<\/div>\n<div class=\"large\"><\/div>\n<div>\n<hr \/>\n<\/div>\n<div class=\"large\">\u00abPartnerschaft mit beschr\u00e4nkter Haftung \u2013 ein Vorschlag de lege ferenda\u00bb, in: Wirtschaftsrecht zu Beginn des 21. Jahrhunderts, Festschrift f\u00fcr Peter Nobel zum 60. Geburtstag, Waldburger Baer\/Nobel\/Bernet (Hrsg.), Bern 2005, 17 ff.<\/div>\n<div class=\"large\"><\/div>\n<div>\n<hr \/>\n<\/div>\n<div class=\"large\">\u00abVorabinformationen an Grossaktion\u00e4re: M\u00f6glichkeiten und Grenzen nach Gesellschafts- und Kapitalmarktrecht\u00bb, als Co-Autor mit B\u00fchler Christoph B., SZW 77 (2005) 101 ff.<\/div>\n<div class=\"large\"><\/div>\n<div>\n<hr \/>\n<\/div>\n<div class=\"large\">\u00abAudit Committee\u00bb, Der Pr\u00fcfungsausschuss des Verwaltungsrates auf Gratwanderung zwischen \u00dcbereifer und Unsorgfalt\u00bb, in: Schriften zum Aktienrecht, 22, Z\u00fcrich 2005<\/div>\n<div class=\"large\"><\/div>\n<div>\n<hr \/>\n<\/div>\n<div class=\"large\">\u00abEinf\u00fchrung in die IFRS\/IAS\u00bb, International Financial Reporting Standards \u2013 knapp und deutsch, in: Schriften zum Aktienrecht, Bd. 16, 2., neu bearbeitete und nachgef\u00fchrte Auflage, Z\u00fcrich 2005<\/div>\n<div class=\"large\"><\/div>\n<div>\n<hr \/>\n<\/div>\n<div class=\"large\">\u00abLe Gouvernement d\u2019entreprise\u00bb, Rapport du Groupe de travail en vue de la r\u00e9vision partielle du droit de la soci\u00e9t\u00e9 anonyme, B\u00f6ckli\/Huguenin\/Dessemontet, in: CEDIDAC 59, Lausanne 2004<\/div>\n<div class=\"large\"><\/div>\n<div>\n<hr \/>\n<\/div>\n<div class=\"large\">\u00abRechtsfragen zum Spaltungsverfahren des Fusionsgesetzes\u00bb, ST 78 (2004) 899 ff.<\/div>\n<div class=\"large\"><\/div>\n<div>\n<hr \/>\n<\/div>\n<div class=\"large\">\u00abExpertenbericht der Arbeitsgruppe \u00abCorporate Governance\u00bb zur Teilrevision des Aktienrechts\u00bb, Mit einem ausgearbeiteten Gesetzesentwurf f\u00fcr eine Revision des 26. Titels des Obligationenrechtes \u00abDie Aktiengesellschaft\u00bb und Erl\u00e4uterungen, B\u00f6ckli (Vorsitz)\/Huguenin\/Dessemontet, in Zusammenarbeit mit Turin\/Duc, in: Schriften zum Aktienrecht, Bd. 21, Z\u00fcrich 2004<\/div>\n<div class=\"large\"><\/div>\n<div>\n<hr \/>\n<\/div>\n<div class=\"large\">\u00abCorporate Governance und Swiss Code of Best Practice: Leitlinien f\u00fcr die Gestaltungsarbeit des Verwaltungsrates\u00bb, in: Festschrift Peter Forstmoser, Zobl et al. (Hrsg.), Z\u00fcrich 2003, 257 ff.<\/div>\n<div class=\"large\"><\/div>\n<div>\n<hr \/>\n<\/div>\n<div class=\"large\">\u00abH\u00fcrdenlauf der direkt Gesch\u00e4digten: Vertrauenshaftung oder Verantwortlichkeit nach Art. 754\/55 OR\u00bb in: Verantwortlichkeitsrecht, Charlotte Baer (Hrsg.), Bern 2003, 27 ff.<\/div>\n<div class=\"large\"><\/div>\n<div>\n<hr \/>\n<\/div>\n<div class=\"large\">\u00abAd hoc-Publizit\u00e4t und Insider-Strafnorm: Nach- und Feinschliff f\u00fcr das Informationsrecht des Kapitalmarktes\u00bb, in: Informationspflichten des Unternehmens im Gesellschafts- und B\u00f6rsenrecht, Christoph B. B\u00fchler (Hrsg.), St. Galler Studien zum Privat-, Handesl- und Wirtschaftsrecht, Bd 68, Bern 2003, 87 ff.<\/div>\n<div class=\"large\"><\/div>\n<div>\n<hr \/>\n<\/div>\n<div class=\"large\">\u00abDe la rigueur dans le Soft Law. Pour un Code suisse de bonne pratique en mati\u00e8re de gouvernement d\u2019entreprise\u00bb, in : CEDIDAC 54 (Hrsg.), Lausanne 2003, 1 ff.<\/div>\n<div class=\"large\"><\/div>\n<div>\n<hr \/>\n<\/div>\n<div class=\"large\">\u00abHarte Stellen im Soft Law: Zum Swiss Code of Best Practice for Corporate Governance\u00bb, ST 76 (2002) 981 ff.<\/div>\n<div class=\"large\"><\/div>\n<div>\n<hr \/>\n<\/div>\n<div class=\"large\">\u00abRevisionsfelder im Aktienrecht und Corporate Governance\u00bb, ZBJV 138 (2002) 709 ff.<\/div>\n<\/div>\n<div><\/div>\n<div>\n<hr \/>\n<\/div>\n<div>\u00abKapitalschnitt zwecks Sanierung: Untergang der alten Mitgliedschaftsrechte zufolge Kapitalherabsetzung\u00bb, Reprax 3 (2001)3\/1 ff.<\/div>\n<div class=\"large\"><\/div>\n<div>\n<hr \/>\n<\/div>\n<div class=\"large\">\u00abNeuf r\u00e8gles de &#8216;Best Practice&#8217; pour le rachat de ses actions par une soci\u00e9t\u00e9 non-cot\u00e9e\u00bb, in : Les plans d\u2019int\u00e9ressement\/stock option plans, Gr\u00e9goire Bovet (\u00e9d.), CEDIDAC 45 (Hrsg.), Lausanne 2001, 57 ff.<\/div>\n<div class=\"large\"><\/div>\n<div>\n<hr \/>\n<\/div>\n<div class=\"large\">\u00abZahlstellensteuer. Konzept und Probleme der geplanten EU-Zinsabzugsteuer aus Schweizer Sicht\u00bb, ASA 68 (1999\/2000) 529 ff.<\/div>\n<div class=\"large\"><\/div>\n<div>\n<hr \/>\n<\/div>\n<div class=\"large\">\u00abCorporate Governance auf Schnellstrassen und Holzwegen\u00bb, ST 74 (2000) 133 ff; gek\u00fcrzte Fassung in: NZZ Nr. 48 vom 26.\/27. Februar 2000, 29.<\/div>\n<div class=\"large\"><\/div>\n<div>\n<hr \/>\n<\/div>\n<div class=\"large\">\u00abDer eingeordnete Verwaltungsrat in der Konzernuntergesellschaft \u00bb, in: \u00abVom Gesellschafts- zum Konzernrecht\u00bb, St. Galler Studien zum Privat-, Handels- und Wirtschaftsrecht, Bd. 59, Charlotte M. Baer (Hrsg.), Bern\/Stuttgart\/Wien 2000, 35 ff. 1999<\/div>\n<\/div>\n<\/div>\n<\/div>\n<\/div>\n<\/div><\/div><\/section>\n<section class='av_tab_section av_tab_section av-av_tab-98fa935dbe0d1cccd0ccd46f439b589b'  itemscope=\"itemscope\" itemtype=\"https:\/\/schema.org\/CreativeWork\" ><div class='tab' role='tab' tabindex='0' data-fake-id='#tab-id-3' aria-controls='tab-id-3-content'  itemprop=\"headline\" >1961 - 1999<\/div><div id='tab-id-3-content' class='tab_content' aria-hidden=\"true\"><div class='tab_inner_content invers-color'  itemprop=\"text\" ><div id=\"PrintPageDiv\">\n<div id=\"MasterPageDiv\">\n<div id=\"ElementID781Div\">\n<div>\n<div class=\"largebold\"><strong>PUBLICATIONS PETER B\u00d6CKLI &#8211; 1961 &#8211; 1999<\/strong><\/div>\n<div class=\"largebold\"><\/div>\n<div><\/div>\n<div>\n<div>\n<hr \/>\n<\/div>\n<div class=\"large\">\u00abAusgabe von Euro-Aktien durch schweizerische Aktiengesellschaften? \u00bb, ST 73 (1999) 873 ff.<\/div>\n<div class=\"large\"><\/div>\n<div>\n<hr \/>\n<\/div>\n<div class=\"large\">\u00abCorporate Governance: Der Stand der Dinge nach den Berichten &#8220;Hampel&#8221;, &#8220;Vi\u00e9not&#8221; und &#8220;OECD&#8221; sowie dem deutschen &#8220;KonTraG&#8221;\u00bb, SZW 71 (1999) 1 ff.<\/div>\n<div class=\"large\"><\/div>\n<div>\n<hr \/>\n<\/div>\n<div class=\"large\">\u00abBis zum Tod der Gr\u00e4fin\u00bb, Das Drama um den Hotelpalast des Grafen de Renesse in Maloja, Buchverlag Neue Z\u00fcrcher Zeitung, Z\u00fcrich 1998, 9. Aufl. Z\u00fcrich 2009.<\/div>\n<div class=\"large\"><\/div>\n<div>\n<hr \/>\n<\/div>\n<div class=\"large\">\u00abAuseinanderdriften von Wirtschaftsf\u00fchrern und Politikern\u00bb, Publikation der Schweizerischen Gesellschaft f\u00fcr Chemische Industrie (Sonderdruck), Z\u00fcrich 1998.<\/div>\n<div class=\"large\"><\/div>\n<div>\n<hr \/>\n<\/div>\n<div class=\"large\">\u00abGew\u00e4hrleistungen und Garantien in Unternehmenskaufvertr\u00e4gen \u00bb, Europa-Institut Z\u00fcrich, Bd. 24, \u00abMergers &amp; Acquisitions\u00bb (Rudolf Tsch\u00e4ni, Hrsg.) Z\u00fcrich 1998.<\/div>\n<div class=\"large\"><\/div>\n<div>\n<hr \/>\n<\/div>\n<div class=\"large\">\u00abZum B\u00f6rsengesetz von 1995: neue Rechtsinstitute und neue Probleme\u00bb, Basler Juristische Mitteilungen 1998, 225 ff.<\/div>\n<div class=\"large\"><\/div>\n<div>\n<hr \/>\n<\/div>\n<div class=\"large\">\u00abAktion\u00e4rbindungsvertr\u00e4ge mit eingebauten Vorkaufs- oder Kaufsrechten und \u00dcbernahmepflichten\u00bb, Schriften zum neuen Aktienrecht 13, Z\u00fcrich 1998, 35 ff.<\/div>\n<div class=\"large\"><\/div>\n<div>\n<hr \/>\n<\/div>\n<div class=\"large\">\u00abDie Abberufung von Gesch\u00e4ftsleitungsmitgliedern durch den Verwaltungsrat: Befugnis, Verpflichtung, Verh\u00e4ltnism\u00e4ssigkeit\u00bb, in: Festschrift f\u00fcr Rolf B\u00e4r, Bern 1998, 35 ff.<\/div>\n<div class=\"large\"><\/div>\n<div>\n<hr \/>\n<\/div>\n<div class=\"large\">\u00abOsmosis of Anglo-Saxon Concepts in Swiss Business Law\u00bb, in: Festschrift f\u00fcr Thomas B\u00e4r und Robert Karrer, Z\u00fcrich 1997, 9 ff.<\/div>\n<div class=\"large\"><\/div>\n<div>\n<hr \/>\n<\/div>\n<div class=\"large\">\u00abFriedrich II. von Hohenstaufen und sein Kreuzzug auf dem Verhandlungsweg\u00bb, in: Festschrift f\u00fcr Staatssekret\u00e4r Franz A. Blankart, &#8220;Die diplomatische Negoziation&#8221;, Mario A. Corti\/Peter Ziegler (Hrsg.), Bern 1997, 393 ff.<\/div>\n<div class=\"large\"><\/div>\n<div>\n<hr \/>\n<\/div>\n<div class=\"large\">\u00abR\u00e9vision du droit de la S\u00e0rl\u00bb, Projet et rapport explicatif, B\u00f6ckli\/Forstmoser\/Rapp du 29 novembre 1996, CEDIDAC 34, Lausanne 1997<\/div>\n<div class=\"large\"><\/div>\n<div>\n<hr \/>\n<\/div>\n<div class=\"large\">\u00abDie Leitungsbefugnisse des Pr\u00e4sidenten in der Generalversammlung\u00bb, in: Rechtsfragen um die Generalversammlung, Schriften zum neuen Aktienrecht 11, 47 ff., Z\u00fcrich 1997<\/div>\n<div class=\"large\"><\/div>\n<div>\n<hr \/>\n<\/div>\n<div class=\"large\">\u00abAktion\u00e4rbindungsvertr\u00e4ge: \u00dcbertragbarkeit und Geltungsdauer von Optionsrechten\u00bb, zusammen mit Lukas Morscher, SZW 69 (1997) 53 ff.<\/div>\n<div class=\"large\"><\/div>\n<div>\n<hr \/>\n<\/div>\n<div class=\"large\">\u00abCorporate Governance: The Cadbury Report and the Swiss Board Concept of 1991\u00bb, SZW 68 (1996) 149 ff.<\/div>\n<div class=\"large\"><\/div>\n<div>\n<hr \/>\n<\/div>\n<div class=\"large\">\u00abDie unentziehbaren Kernkompetenzen des Verwaltungsrates\u00bb, Schriften zum neuen Aktienrecht 7, Z\u00fcrich 1994, 101 Seiten<\/div>\n<div class=\"large\"><\/div>\n<div>\n<hr \/>\n<\/div>\n<div class=\"large\">\u00abAktion\u00e4rbindungsvertr\u00e4ge, Vinkulierung und statutarische Vorkaufsrechte unter neuem Aktienrecht\u00bb, ZBJV 129 (1993) 475 ff.<\/div>\n<div class=\"large\"><\/div>\n<div>\n<hr \/>\n<\/div>\n<div class=\"large\">\u00abSchweizer Insiderrecht und Banken. Einfluss der EG-Richtlinie von 1989\u00bb, AJP 2 (1993) 769 ff.<\/div>\n<div class=\"large\"><\/div>\n<div>\n<hr \/>\n<\/div>\n<div class=\"large\">\u00abLenkungsabgaben als Problem des Schweizer Abgaberechts\u00bb, Referat vor der Schweizerischen Vereinigung f\u00fcr Steuerrecht in Basel, 1992<\/div>\n<div class=\"large\"><\/div>\n<div>\n<hr \/>\n<\/div>\n<div class=\"large\">\u00abDas neue Aktienrecht\u00bb, Schulthess Polygraphischer Verlag, LXIII + 698 Seiten, 1. Auflage Z\u00fcrich 1992 (mit Nachdruck 1993)<\/div>\n<\/div>\n<div><\/div>\n<div>\n<hr \/>\n<\/div>\n<div>\u00abCOTO: aktien- und steuerrechtliche Analyse der Cash- oder Titel-Option\u00bb, ASA 59 (1990\/91) 505 ff.<\/div>\n<div class=\"large\"><\/div>\n<div>\n<hr \/>\n<\/div>\n<div class=\"large\">\u00abSteuerumgehung: Qualifikation gegenl\u00e4ufiger Rechtsgesch\u00e4fte und normative Gegenprobe\u00bb, in: Festschrift f\u00fcr Francis Cagianut, H\u00f6hn\/Vallender (Hrsg.), Bern 1990, 289 ff.<\/div>\n<div class=\"large\"><\/div>\n<div>\n<hr \/>\n<\/div>\n<div class=\"large\">\u00abInsiderstrafrecht und Verantwortung des Verwaltungsrates\u00bb, Schweizer Schriften zum Handels- und Wirtschaftsrecht, Bd. 120, Z\u00fcrich 1989, 146 Seiten<\/div>\n<div class=\"large\"><\/div>\n<div>\n<hr \/>\n<\/div>\n<div class=\"large\">\u00abDer Rangr\u00fccktritt im Spannungsfeld von Schuld- und Aktienrecht\u00bb, in: Festgabe f\u00fcr Walter R. Schluep, Z\u00fcrich 1988, 339 ff.<\/div>\n<div class=\"large\"><\/div>\n<div>\n<hr \/>\n<\/div>\n<div class=\"large\">\u00abReform der Stempelabgaben f\u00fcr den Finanzplatz Schweiz\u00bb, ASA 56 (1987\/88) 97 ff.<\/div>\n<div class=\"large\"><\/div>\n<div>\n<hr \/>\n<\/div>\n<div class=\"large\">\u00abHaftung des Verwaltungsrates f\u00fcr Steuern\u00bb, StR 40 (1985) 519 f.<\/div>\n<div class=\"large\"><\/div>\n<div>\n<hr \/>\n<\/div>\n<div class=\"large\">\u00abSchutzmassnahmen-Trust und Aktienrecht\u00bb, in: Festgabe zum Schweizerischen Juristentag 1985, Basel 1985, 17 ff.<\/div>\n<div class=\"large\"><\/div>\n<div>\n<hr \/>\n<\/div>\n<div class=\"large\">\u00abZum Arglistprinzip im harmonisierten Steuerstrafrecht\u00bb, StR 39 (1984) 158 ff.<\/div>\n<div class=\"large\"><\/div>\n<div class=\"large\">\n<div>\n<hr \/>\n<\/div>\n<div class=\"large\">\u00abZur Garantenhaftung des Vorgesetzten nach dem neuen Verwaltungsstrafrecht\u00bb, Schweiz. Zeitschrift f\u00fcr Strafrecht 96 (1980) und StR 36 (1981) 1 ff.<\/div>\n<div class=\"large\"><\/div>\n<div>\n<hr \/>\n<\/div>\n<div class=\"large\">\u00abReformatio in pejus oder der Schlag auf die hilfesuchende Hand\u00bb, Zentralblatt f\u00fcr Staats- und Gemeindeverwaltung 81 (1980) 97 ff.<\/div>\n<div class=\"large\"><\/div>\n<div class=\"large\">\n<div>\n<hr \/>\n<\/div>\n<div>\u00abAnwaltsgeheimnis und Fiskus im Rechtsstaat\u00bb, SJZ 76 (1980) 105 ff. und 125 ff.; auch im Bulletin des Schweiz. Anwaltsverbandes Nr. 64 (1979) 2 ff.<\/div>\n<div><\/div>\n<div>\n<hr \/>\n<\/div>\n<div>\u00abZweimal sieben T\u00fccken des neuen Verwaltungsstrafrechts\u00bb, Basler Juristische Mitteilungen 1979, 169 ff.<\/div>\n<div><\/div>\n<div>\n<hr \/>\n<\/div>\n<div>\u00abDie Beteiligungsgewinnsteuer \u2013 eine Fehlkonzeption\u00bb, NZZ Nr. 9 vom 12. Januar 1978, und StR 33 (1978) 200 ff.<\/div>\n<div><\/div>\n<div>\n<hr \/>\n<\/div>\n<div>\u00abDie Transponierungstheorie\u00bb, in: Festschrift f\u00fcr Prof. E. K\u00e4nzig, ASA 47 (1978\/79) 31 ff.<\/div>\n<div><\/div>\n<div>\n<hr \/>\n<\/div>\n<div>\u00abRechtliche Aspekte der Lenkungssteuern\u00bb, Wirtschaft und Recht 28 (1976) 31 ff.<\/div>\n<div><\/div>\n<div>\n<hr \/>\n<\/div>\n<div>\u00abIndirekte Steuern und Lenkungssteuern\u00bb, Habilitationsschrift, Helbing &amp; Lichtenhahn, 415 Seiten, Basel\/Stuttgart 1975<\/div>\n<div><\/div>\n<div>\n<hr \/>\n<\/div>\n<div>\u00abDas Aktienstimmrecht und seine Aus\u00fcbung durch Stellvertreter\u00bb, Basler Dissertation, Basler Studien zur Rechtswissenschaft 61, 233 Seiten, Basel 1961<\/div>\n<\/div>\n<\/div>\n<\/div>\n<\/div>\n<\/div>\n<\/div>\n<\/div><\/div><\/section>\n<\/div><\/div>\n","protected":false},"excerpt":{"rendered":"","protected":false},"author":1,"featured_media":0,"parent":689,"menu_order":0,"comment_status":"closed","ping_status":"closed","template":"","meta":{"footnotes":""},"_links":{"self":[{"href":"https:\/\/www.boeckli-buehler.ch\/en\/wp-json\/wp\/v2\/pages\/698"}],"collection":[{"href":"https:\/\/www.boeckli-buehler.ch\/en\/wp-json\/wp\/v2\/pages"}],"about":[{"href":"https:\/\/www.boeckli-buehler.ch\/en\/wp-json\/wp\/v2\/types\/page"}],"author":[{"embeddable":true,"href":"https:\/\/www.boeckli-buehler.ch\/en\/wp-json\/wp\/v2\/users\/1"}],"replies":[{"embeddable":true,"href":"https:\/\/www.boeckli-buehler.ch\/en\/wp-json\/wp\/v2\/comments?post=698"}],"version-history":[{"count":17,"href":"https:\/\/www.boeckli-buehler.ch\/en\/wp-json\/wp\/v2\/pages\/698\/revisions"}],"predecessor-version":[{"id":3783,"href":"https:\/\/www.boeckli-buehler.ch\/en\/wp-json\/wp\/v2\/pages\/698\/revisions\/3783"}],"up":[{"embeddable":true,"href":"https:\/\/www.boeckli-buehler.ch\/en\/wp-json\/wp\/v2\/pages\/689"}],"wp:attachment":[{"href":"https:\/\/www.boeckli-buehler.ch\/en\/wp-json\/wp\/v2\/media?parent=698"}],"curies":[{"name":"wp","href":"https:\/\/api.w.org\/{rel}","templated":true}]}}